{"version":"1.0","provider_name":"Kunst und Bilder","provider_url":"https:\/\/www.imagenesyarte.com\/de","author_name":"imagenesyarte","author_url":"https:\/\/www.imagenesyarte.com\/de\/author\/imagenesyarte\/","title":"M\u00e4rchen in Schwarz und Wei\u00df - Kunst und Bilder","type":"rich","width":600,"height":338,"html":"<blockquote class=\"wp-embedded-content\" data-secret=\"rKrEox5P2u\"><a href=\"https:\/\/www.imagenesyarte.com\/de\/2018\/09\/22\/maerchen-in-schwarz-und-weiss\/\">M\u00e4rchen in Schwarz und Wei\u00df<\/a><\/blockquote><iframe sandbox=\"allow-scripts\" security=\"restricted\" src=\"https:\/\/www.imagenesyarte.com\/de\/2018\/09\/22\/maerchen-in-schwarz-und-weiss\/embed\/#?secret=rKrEox5P2u\" width=\"600\" height=\"338\" title=\"&#8222;M\u00e4rchen in Schwarz und Wei\u00df&#8220; &#8211; Kunst und Bilder\" data-secret=\"rKrEox5P2u\" frameborder=\"0\" marginwidth=\"0\" marginheight=\"0\" scrolling=\"no\" class=\"wp-embedded-content\"><\/iframe><script type=\"text\/javascript\">\n\/* <![CDATA[ *\/\n\/*! This file is auto-generated *\/\n!function(d,l){\"use strict\";l.querySelector&&d.addEventListener&&\"undefined\"!=typeof URL&&(d.wp=d.wp||{},d.wp.receiveEmbedMessage||(d.wp.receiveEmbedMessage=function(e){var t=e.data;if((t||t.secret||t.message||t.value)&&!\/[^a-zA-Z0-9]\/.test(t.secret)){for(var s,r,n,a=l.querySelectorAll('iframe[data-secret=\"'+t.secret+'\"]'),o=l.querySelectorAll('blockquote[data-secret=\"'+t.secret+'\"]'),c=new RegExp(\"^https?:$\",\"i\"),i=0;i<o.length;i++)o[i].style.display=\"none\";for(i=0;i<a.length;i++)s=a[i],e.source===s.contentWindow&&(s.removeAttribute(\"style\"),\"height\"===t.message?(1e3<(r=parseInt(t.value,10))?r=1e3:~~r<200&&(r=200),s.height=r):\"link\"===t.message&&(r=new URL(s.getAttribute(\"src\")),n=new URL(t.value),c.test(n.protocol))&&n.host===r.host&&l.activeElement===s&&(d.top.location.href=t.value))}},d.addEventListener(\"message\",d.wp.receiveEmbedMessage,!1),l.addEventListener(\"DOMContentLoaded\",function(){for(var e,t,s=l.querySelectorAll(\"iframe.wp-embedded-content\"),r=0;r<s.length;r++)(t=(e=s[r]).getAttribute(\"data-secret\"))||(t=Math.random().toString(36).substring(2,12),e.src+=\"#?secret=\"+t,e.setAttribute(\"data-secret\",t)),e.contentWindow.postMessage({message:\"ready\",secret:t},\"*\")},!1)))}(window,document);\n\/\/# sourceURL=https:\/\/www.imagenesyarte.com\/de\/wp-includes\/js\/wp-embed.min.js\n\/* ]]> *\/\n<\/script>\n","thumbnail_url":"https:\/\/www.imagenesyarte.com\/de\/wp-content\/uploads\/2018\/09\/Ma\u0308rchen-in-Schwarz-und-Wei\u00df-Olivia-Kemp-abdecken.jpg","thumbnail_width":320,"thumbnail_height":200,"description":"Olivia Kemp ist eine junge K\u00fcnstlerin aus England, die einen interessanten k\u00fcnstlerischen Weg zur\u00fcckgelegt hat, mit vielen Ausstellungen und erworbenen Auszeichnungen, w\u00e4hrend ihrer kurzen, aber intensiven Karriere. Kurz weil sie eben noch sehr jung ist."}